{"id":5538,"date":"2024-12-20T13:35:56","date_gmt":"2024-12-20T13:35:56","guid":{"rendered":"https:\/\/sea-tec.it\/?page_id=5538"},"modified":"2024-12-20T13:55:03","modified_gmt":"2024-12-20T13:55:03","slug":"la-prima-barca-a-vela-imoca-in-legno-e-bambu-a-bassissima-impronta-di-carbonio-una-svolta-sostenibile","status":"publish","type":"page","link":"https:\/\/sea-tec.it\/?page_id=5538","title":{"rendered":"LA PRIMA BARCA A VELA IMOCA IN LEGNO E BAMB\u00d9 A BASSISSIMA IMPRONTA DI CARBONIO: UNA SVOLTA SOSTENIBILE"},"content":{"rendered":"<p><div class=\"fusion-fullwidth fullwidth-box fusion-builder-row-1 fusion-flex-container nonhundred-percent-fullwidth non-hundred-percent-height-scrolling\" style=\"--awb-border-radius-top-left:0px;--awb-border-radius-top-right:0px;--awb-border-radius-bottom-right:0px;--awb-border-radius-bottom-left:0px;--awb-padding-top:6%;--awb-padding-bottom:4%;--awb-flex-wrap:wrap;\" ><div class=\"fusion-builder-row fusion-row fusion-flex-align-items-flex-start fusion-flex-content-wrap\" style=\"max-width:calc( 1200px + 0px );margin-left: calc(-0px \/ 2 );margin-right: calc(-0px \/ 2 );\"><div class=\"fusion-layout-column fusion_builder_column fusion-builder-column-0 fusion_builder_column_1_1 1_1 fusion-flex-column fusion-animated\" style=\"--awb-padding-bottom:20px;--awb-bg-size:cover;--awb-width-large:100%;--awb-margin-top-large:0px;--awb-spacing-right-large:0px;--awb-margin-bottom-large:0px;--awb-spacing-left-large:0px;--awb-width-medium:100%;--awb-spacing-right-medium:0px;--awb-spacing-left-medium:0px;--awb-width-small:100%;--awb-spacing-right-small:0px;--awb-spacing-left-small:0px;\" data-animationType=\"fadeInUp\" data-animationDuration=\"1.0\" data-animationOffset=\"top-into-view\"><div class=\"fusion-column-wrapper fusion-column-has-shadow fusion-flex-justify-content-flex-start fusion-content-layout-column\"><i class=\"fb-icon-element-1 fb-icon-element fontawesome-icon fa-comments fas circle-yes\" style=\"--awb-circlecolor:var(--awb-color5);--awb-circlebordersize:0px;--awb-font-size:28.16px;--awb-width:56.32px;--awb-height:56.32px;--awb-line-height:56.32px;--awb-margin-top:0;--awb-margin-right:0;--awb-margin-bottom:0;--awb-margin-left:0;--awb-align-self:center;\"><\/i><br><br><div class=\"fusion-title title fusion-title-1 fusion-sep-none fusion-title-center fusion-title-text fusion-title-size-two fusion-animated\" style=\"--awb-text-color:var(--awb-color6);--awb-margin-top:-30px;--awb-margin-top-small:0px;--awb-margin-right-small:0px;--awb-margin-bottom-small:20px;--awb-margin-left-small:0px;--awb-font-size:32px;\" data-animationType=\"fadeInDown\" data-animationDuration=\"1.1\" data-animationOffset=\"top-into-view\"><h2 class=\"fusion-title-heading title-heading-center fusion-responsive-typography-calculated\" style=\"font-family:&quot;Rubik&quot;;font-style:normal;font-weight:300;margin:0;letter-spacing:1.1px;font-size:1em;--fontSize:32;line-height:var(--awb-typography1-line-height);\"><p class=\"p1\" style=\"text-align: center;\">LA PRIMA BARCA A VELA IMOCA IN LEGNO E BAMB\u00d9 A BASSISSIMA IMPRONTA DI CARBONIO: UNA SVOLTA SOSTENIBILE<\/p><\/h2><\/div><div class=\"fusion-image-element \" style=\"text-align:center;--awb-caption-title-font-family:var(--h2_typography-font-family);--awb-caption-title-font-weight:var(--h2_typography-font-weight);--awb-caption-title-font-style:var(--h2_typography-font-style);--awb-caption-title-size:var(--h2_typography-font-size);--awb-caption-title-transform:var(--h2_typography-text-transform);--awb-caption-title-line-height:var(--h2_typography-line-height);--awb-caption-title-letter-spacing:var(--h2_typography-letter-spacing);\"><span class=\" fusion-imageframe imageframe-none imageframe-1 hover-type-none fusion-animated\" data-animationType=\"zoomInUp\" data-animationDuration=\"2.3\" data-animationOffset=\"top-into-view\"><img decoding=\"async\" width=\"960\" height=\"345\" title=\"cobratex-news-marc-thiercelin-vendee-globe.jpg\" src=\"https:\/\/sea-tec.it\/wp-content\/uploads\/2024\/12\/cobratex-news-marc-thiercelin-vendee-globe.jpg.webp\" data-orig-src=\"https:\/\/sea-tec.it\/wp-content\/uploads\/2024\/12\/cobratex-news-marc-thiercelin-vendee-globe.jpg.webp\" alt class=\"lazyload img-responsive wp-image-5540\" srcset=\"data:image\/svg+xml,%3Csvg%20xmlns%3D%27http%3A%2F%2Fwww.w3.org%2F2000%2Fsvg%27%20width%3D%27960%27%20height%3D%27345%27%20viewBox%3D%270%200%20960%20345%27%3E%3Crect%20width%3D%27960%27%20height%3D%27345%27%20fill-opacity%3D%220%22%2F%3E%3C%2Fsvg%3E\" data-srcset=\"https:\/\/sea-tec.it\/wp-content\/uploads\/2024\/12\/cobratex-news-marc-thiercelin-vendee-globe.jpg-200x72.webp 200w, https:\/\/sea-tec.it\/wp-content\/uploads\/2024\/12\/cobratex-news-marc-thiercelin-vendee-globe.jpg-400x144.webp 400w, https:\/\/sea-tec.it\/wp-content\/uploads\/2024\/12\/cobratex-news-marc-thiercelin-vendee-globe.jpg-600x216.webp 600w, https:\/\/sea-tec.it\/wp-content\/uploads\/2024\/12\/cobratex-news-marc-thiercelin-vendee-globe.jpg-800x288.webp 800w, https:\/\/sea-tec.it\/wp-content\/uploads\/2024\/12\/cobratex-news-marc-thiercelin-vendee-globe.jpg.webp 960w\" data-sizes=\"auto\" data-orig-sizes=\"(max-width: 1024px) 100vw, (max-width: 640px) 100vw, 960px\" \/><\/span><\/div><br><br><div class=\"fusion-text fusion-text-1 fusion-animated\" style=\"--awb-font-size:21px;--awb-text-transform:none;\" data-animationType=\"fadeInDown\" data-animationDuration=\"1.3\" data-animationOffset=\"top-into-view\"><p class=\"p1\">Da diversi anni, i materiali di origine biologica stanno guadagnando un posto di rilievo nei compositi, in particolare nel settore nautico.<\/p>\n<p class=\"p1\">I loro benefici ambientali significano che i rinforzi in fibre naturali come quelli prodotti da Cobratex e le resine di origine biologica stanno attirando sempre pi\u00f9 attenzione.<\/p>\n<p class=\"p1\">In questo contesto, Marc Thiercelin sta lanciando un progetto innovativo: una barca a vela Imocaa bassissime emissioni di carbonio, che utilizza legno e bamb\u00f9, progettata per soddisfare le attuali esigenze di sostenibilit\u00e0 e decarbonizzazione. I materiali di origine biologica, come le fibre di bamb\u00f9 e le resine naturali, offrono notevoli vantaggi in termini di riduzione dell&#8217;impronta di carbonio. Consentono di creare compositi ad alte prestazioni nel rispetto dell&#8217;ambiente.<\/p>\n<p class=\"p1\">I prodotti Cobratex, in particolare, illustrano questo progresso ecologico nel campo dei compositi.Il progetto di Marc Thiercelin mira a combinare elevate prestazioni tecnologiche con considerazioni ambientali utilizzando materiali di origine biologica.<\/p>\n<p class=\"p1\">Il legno, che viene reintrodotto nella costruzione navale, verr\u00e0 utilizzato come nucleo delle parti composite sandwich. Le pelli, nel frattempo, saranno prodotte utilizzando resine di origine biologica e rinforzi in fibra di bamb\u00f9 di Cobratex, riducendo cos\u00ec l&#8217;impatto ambientale.<\/p>\n<p class=\"p1\">Utilizzando questi materiali innovativi, la barca a vela emetter\u00e0 il 70% in meno di CO2 durante la sua costruzione, riducendo al contempo i costi di produzione del 45%. Questo ambizioso progetto dimostra che soluzioni sostenibili e sostenibili non sono solo possibili, ma anche praticabili per il settore marittimo.Il Vend\u00e9e Globe, noto come &#8220;l&#8217;Everest dei mari&#8221;, \u00e8 l&#8217;evento ideale per promuovere queste nuove tecnologie &#8220;ecologiche&#8221;.<\/p>\n<p class=\"p1\">Questa regata intorno al mondo in solitaria, senza scali e senza assistenza d\u00e0 a Marc Thiercelin l&#8217;opportunit\u00e0 di dimostrare che le prestazioni possono andare di pari passo con le considerazioni ambientali.<\/p>\n<p class=\"p1\">Combinando materiali di origine biologica con il know-how tradizionale, questo progetto pionieristico apre la strada a una nuova era nella costruzione di barche, in cui prestazioni e sostenibilit\u00e0 vanno di pari passo.<\/p>\n<p class=\"p1\">Attraverso questa sfida, Marc Thiercelin continua a spingere i confini dell&#8217;innovazione tecnologica, dimostrando al contempo il suo impegno per un futuro pi\u00f9 sostenibile.<\/p>\n<\/div><br><div style=\"text-align:center;\"><a class=\"fusion-button button-flat button-xlarge button-default fusion-button-default button-1 fusion-button-default-span fusion-button-default-type\" target=\"_blank\" rel=\"noopener noreferrer\" href=\"https:\/\/www.cobratex.com\/the-first-very-low-carbon-footprint-wood-and-bamboo-imoca-sailboat-a-sustainable-breakthrough\/?lang=en\"><span class=\"fusion-button-text awb-button__text awb-button__text--default\">Leggi l&#8217;articolo su Cobratex.com<\/span><\/a><\/div><br><\/div><\/div><\/div><\/div><\/p>\n","protected":false},"excerpt":{"rendered":"","protected":false},"author":1,"featured_media":0,"parent":0,"menu_order":0,"comment_status":"closed","ping_status":"closed","template":"100-width.php","meta":{"_monsterinsights_skip_tracking":false,"_monsterinsights_sitenote_active":false,"_monsterinsights_sitenote_note":"","_monsterinsights_sitenote_category":0,"footnotes":""},"class_list":["post-5538","page","type-page","status-publish","hentry"],"yoast_head":"<!-- This site is optimized with the Yoast SEO plugin v27.4 - https:\/\/yoast.com\/product\/yoast-seo-wordpress\/ -->\r\n<title>Seatec 2025 - News<\/title>\r\n<meta name=\"robots\" content=\"index, follow, max-snippet:-1, max-image-preview:large, max-video-preview:-1\" \/>\r\n<link rel=\"canonical\" href=\"https:\/\/sea-tec.it\/?page_id=5538\" \/>\r\n<meta property=\"og:locale\" content=\"it_IT\" \/>\r\n<meta property=\"og:type\" content=\"article\" \/>\r\n<meta property=\"og:title\" content=\"Seatec 2025 - News\" \/>\r\n<meta property=\"og:url\" content=\"https:\/\/sea-tec.it\/?page_id=5538\" \/>\r\n<meta property=\"og:site_name\" content=\"Seatec\" \/>\r\n<meta property=\"article:modified_time\" content=\"2024-12-20T13:55:03+00:00\" \/>\r\n<meta name=\"twitter:card\" content=\"summary_large_image\" \/>\r\n<meta name=\"twitter:label1\" content=\"Tempo di lettura stimato\" \/>\n\t<meta name=\"twitter:data1\" content=\"17 minuti\" \/>\r\n<script type=\"application\/ld+json\" class=\"yoast-schema-graph\">{\"@context\":\"https:\\\/\\\/schema.org\",\"@graph\":[{\"@type\":\"WebPage\",\"@id\":\"https:\\\/\\\/sea-tec.it\\\/?page_id=5538\",\"url\":\"https:\\\/\\\/sea-tec.it\\\/?page_id=5538\",\"name\":\"Seatec 2025 - News\",\"isPartOf\":{\"@id\":\"https:\\\/\\\/sea-tec.it\\\/#website\"},\"datePublished\":\"2024-12-20T13:35:56+00:00\",\"dateModified\":\"2024-12-20T13:55:03+00:00\",\"breadcrumb\":{\"@id\":\"https:\\\/\\\/sea-tec.it\\\/?page_id=5538#breadcrumb\"},\"inLanguage\":\"it-IT\",\"potentialAction\":[{\"@type\":\"ReadAction\",\"target\":[\"https:\\\/\\\/sea-tec.it\\\/?page_id=5538\"]}]},{\"@type\":\"BreadcrumbList\",\"@id\":\"https:\\\/\\\/sea-tec.it\\\/?page_id=5538#breadcrumb\",\"itemListElement\":[{\"@type\":\"ListItem\",\"position\":1,\"name\":\"Home\",\"item\":\"https:\\\/\\\/sea-tec.it\\\/\"},{\"@type\":\"ListItem\",\"position\":2,\"name\":\"LA PRIMA BARCA A VELA IMOCA IN LEGNO E BAMB\u00d9 A BASSISSIMA IMPRONTA DI CARBONIO: UNA SVOLTA SOSTENIBILE\"}]},{\"@type\":\"WebSite\",\"@id\":\"https:\\\/\\\/sea-tec.it\\\/#website\",\"url\":\"https:\\\/\\\/sea-tec.it\\\/\",\"name\":\"Seatec\",\"description\":\"Mediterranean Marine Tech Event\",\"publisher\":{\"@id\":\"https:\\\/\\\/sea-tec.it\\\/#organization\"},\"potentialAction\":[{\"@type\":\"SearchAction\",\"target\":{\"@type\":\"EntryPoint\",\"urlTemplate\":\"https:\\\/\\\/sea-tec.it\\\/?s={search_term_string}\"},\"query-input\":{\"@type\":\"PropertyValueSpecification\",\"valueRequired\":true,\"valueName\":\"search_term_string\"}}],\"inLanguage\":\"it-IT\"},{\"@type\":\"Organization\",\"@id\":\"https:\\\/\\\/sea-tec.it\\\/#organization\",\"name\":\"Seatec & Compotec Marine\",\"url\":\"https:\\\/\\\/sea-tec.it\\\/\",\"logo\":{\"@type\":\"ImageObject\",\"inLanguage\":\"it-IT\",\"@id\":\"https:\\\/\\\/sea-tec.it\\\/#\\\/schema\\\/logo\\\/image\\\/\",\"url\":\"https:\\\/\\\/sea-tec.it\\\/wp-content\\\/uploads\\\/2024\\\/11\\\/head-seatec-2025-eng.jpg\",\"contentUrl\":\"https:\\\/\\\/sea-tec.it\\\/wp-content\\\/uploads\\\/2024\\\/11\\\/head-seatec-2025-eng.jpg\",\"width\":1920,\"height\":1080,\"caption\":\"Seatec & Compotec Marine\"},\"image\":{\"@id\":\"https:\\\/\\\/sea-tec.it\\\/#\\\/schema\\\/logo\\\/image\\\/\"}}]}<\/script>\r\n<!-- \/ Yoast SEO plugin. -->","yoast_head_json":{"title":"Seatec 2025 - News","robots":{"index":"index","follow":"follow","max-snippet":"max-snippet:-1","max-image-preview":"max-image-preview:large","max-video-preview":"max-video-preview:-1"},"canonical":"https:\/\/sea-tec.it\/?page_id=5538","og_locale":"it_IT","og_type":"article","og_title":"Seatec 2025 - News","og_url":"https:\/\/sea-tec.it\/?page_id=5538","og_site_name":"Seatec","article_modified_time":"2024-12-20T13:55:03+00:00","twitter_card":"summary_large_image","twitter_misc":{"Tempo di lettura stimato":"17 minuti"},"schema":{"@context":"https:\/\/schema.org","@graph":[{"@type":"WebPage","@id":"https:\/\/sea-tec.it\/?page_id=5538","url":"https:\/\/sea-tec.it\/?page_id=5538","name":"Seatec 2025 - News","isPartOf":{"@id":"https:\/\/sea-tec.it\/#website"},"datePublished":"2024-12-20T13:35:56+00:00","dateModified":"2024-12-20T13:55:03+00:00","breadcrumb":{"@id":"https:\/\/sea-tec.it\/?page_id=5538#breadcrumb"},"inLanguage":"it-IT","potentialAction":[{"@type":"ReadAction","target":["https:\/\/sea-tec.it\/?page_id=5538"]}]},{"@type":"BreadcrumbList","@id":"https:\/\/sea-tec.it\/?page_id=5538#breadcrumb","itemListElement":[{"@type":"ListItem","position":1,"name":"Home","item":"https:\/\/sea-tec.it\/"},{"@type":"ListItem","position":2,"name":"LA PRIMA BARCA A VELA IMOCA IN LEGNO E BAMB\u00d9 A BASSISSIMA IMPRONTA DI CARBONIO: UNA SVOLTA SOSTENIBILE"}]},{"@type":"WebSite","@id":"https:\/\/sea-tec.it\/#website","url":"https:\/\/sea-tec.it\/","name":"Seatec","description":"Mediterranean Marine Tech Event","publisher":{"@id":"https:\/\/sea-tec.it\/#organization"},"potentialAction":[{"@type":"SearchAction","target":{"@type":"EntryPoint","urlTemplate":"https:\/\/sea-tec.it\/?s={search_term_string}"},"query-input":{"@type":"PropertyValueSpecification","valueRequired":true,"valueName":"search_term_string"}}],"inLanguage":"it-IT"},{"@type":"Organization","@id":"https:\/\/sea-tec.it\/#organization","name":"Seatec & Compotec Marine","url":"https:\/\/sea-tec.it\/","logo":{"@type":"ImageObject","inLanguage":"it-IT","@id":"https:\/\/sea-tec.it\/#\/schema\/logo\/image\/","url":"https:\/\/sea-tec.it\/wp-content\/uploads\/2024\/11\/head-seatec-2025-eng.jpg","contentUrl":"https:\/\/sea-tec.it\/wp-content\/uploads\/2024\/11\/head-seatec-2025-eng.jpg","width":1920,"height":1080,"caption":"Seatec & Compotec Marine"},"image":{"@id":"https:\/\/sea-tec.it\/#\/schema\/logo\/image\/"}}]}},"_links":{"self":[{"href":"https:\/\/sea-tec.it\/index.php?rest_route=\/wp\/v2\/pages\/5538","targetHints":{"allow":["GET"]}}],"collection":[{"href":"https:\/\/sea-tec.it\/index.php?rest_route=\/wp\/v2\/pages"}],"about":[{"href":"https:\/\/sea-tec.it\/index.php?rest_route=\/wp\/v2\/types\/page"}],"author":[{"embeddable":true,"href":"https:\/\/sea-tec.it\/index.php?rest_route=\/wp\/v2\/users\/1"}],"replies":[{"embeddable":true,"href":"https:\/\/sea-tec.it\/index.php?rest_route=%2Fwp%2Fv2%2Fcomments&post=5538"}],"version-history":[{"count":4,"href":"https:\/\/sea-tec.it\/index.php?rest_route=\/wp\/v2\/pages\/5538\/revisions"}],"predecessor-version":[{"id":5543,"href":"https:\/\/sea-tec.it\/index.php?rest_route=\/wp\/v2\/pages\/5538\/revisions\/5543"}],"wp:attachment":[{"href":"https:\/\/sea-tec.it\/index.php?rest_route=%2Fwp%2Fv2%2Fmedia&parent=5538"}],"curies":[{"name":"wp","href":"https:\/\/api.w.org\/{rel}","templated":true}]}}